{"id":666,"date":"2021-03-16T16:23:06","date_gmt":"2021-03-16T16:23:06","guid":{"rendered":"https:\/\/cedecnew.wpengine.com\/?page_id=666"},"modified":"2021-05-10T19:27:58","modified_gmt":"2021-05-10T19:27:58","slug":"ressources-pour-aider-votre-entreprise-a-faire-face-a-la-covid-19","status":"publish","type":"page","link":"https:\/\/cedec.ca\/fr\/ressources-pour-aider-votre-entreprise-a-faire-face-a-la-covid-19\/","title":{"rendered":"Ressources pour aider votre entreprise \u00e0 faire face \u00e0 la COVID-19"},"content":{"rendered":"\t\t<div data-elementor-type=\"wp-page\" data-elementor-id=\"666\" class=\"elementor elementor-666\" data-elementor-post-type=\"page\">\n\t\t\t\t\t\t<section class=\"elementor-section elementor-top-section elementor-element elementor-element-479dcf0 elementor-section-boxed elementor-section-height-default elementor-section-height-default\" data-id=\"479dcf0\" data-element_type=\"section\" data-e-type=\"section\">\n\t\t\t\t\t\t<div class=\"elementor-container elementor-column-gap-default\">\n\t\t\t\t\t<div class=\"elementor-column elementor-col-100 elementor-top-column elementor-element elementor-element-7b8414e\" data-id=\"7b8414e\" data-element_type=\"column\" data-e-type=\"column\">\n\t\t\t<div class=\"elementor-widget-wrap elementor-element-populated\">\n\t\t\t\t\t\t<div class=\"elementor-element elementor-element-1de4f65 elementor-widget elementor-widget-spacer\" data-id=\"1de4f65\" data-element_type=\"widget\" data-e-type=\"widget\" data-widget_type=\"spacer.default\">\n\t\t\t\t<div class=\"elementor-widget-container\">\n\t\t\t\t\t\t\t<div class=\"elementor-spacer\">\n\t\t\t<div class=\"elementor-spacer-inner\"><\/div>\n\t\t<\/div>\n\t\t\t\t\t\t<\/div>\n\t\t\t\t<\/div>\n\t\t\t\t\t<\/div>\n\t\t<\/div>\n\t\t\t\t\t<\/div>\n\t\t<\/section>\n\t\t\t\t<section class=\"elementor-section elementor-top-section elementor-element elementor-element-d9a2af2 elementor-section-boxed elementor-section-height-default elementor-section-height-default\" data-id=\"d9a2af2\" data-element_type=\"section\" data-e-type=\"section\">\n\t\t\t\t\t\t<div class=\"elementor-container elementor-column-gap-default\">\n\t\t\t\t\t<div class=\"elementor-column elementor-col-100 elementor-top-column elementor-element elementor-element-955dfbd\" data-id=\"955dfbd\" data-element_type=\"column\" data-e-type=\"column\">\n\t\t\t<div class=\"elementor-widget-wrap elementor-element-populated\">\n\t\t\t\t\t\t<div class=\"elementor-element elementor-element-5939daf elementor-widget elementor-widget-text-editor\" data-id=\"5939daf\" data-element_type=\"widget\" data-e-type=\"widget\" data-widget_type=\"text-editor.default\">\n\t\t\t\t<div class=\"elementor-widget-container\">\n\t\t\t\t\t\t\t\t\t<p>Ressources pour aider votre entreprise \u00e0 faire face \u00e0 la COVID-19<\/p>\t\t\t\t\t\t\t\t<\/div>\n\t\t\t\t<\/div>\n\t\t\t\t<div class=\"elementor-element elementor-element-1f49c4b elementor-hidden-tablet elementor-widget elementor-widget-spacer\" data-id=\"1f49c4b\" data-element_type=\"widget\" data-e-type=\"widget\" data-widget_type=\"spacer.default\">\n\t\t\t\t<div class=\"elementor-widget-container\">\n\t\t\t\t\t\t\t<div class=\"elementor-spacer\">\n\t\t\t<div class=\"elementor-spacer-inner\"><\/div>\n\t\t<\/div>\n\t\t\t\t\t\t<\/div>\n\t\t\t\t<\/div>\n\t\t\t\t\t<\/div>\n\t\t<\/div>\n\t\t\t\t\t<\/div>\n\t\t<\/section>\n\t\t\t\t<section class=\"elementor-section elementor-top-section elementor-element elementor-element-0d6141c elementor-section-boxed elementor-section-height-default elementor-section-height-default\" data-id=\"0d6141c\" data-element_type=\"section\" data-e-type=\"section\">\n\t\t\t\t\t\t<div class=\"elementor-container elementor-column-gap-default\">\n\t\t\t\t\t<div class=\"elementor-column elementor-col-100 elementor-top-column elementor-element elementor-element-8532a95\" data-id=\"8532a95\" data-element_type=\"column\" data-e-type=\"column\">\n\t\t\t<div class=\"elementor-widget-wrap elementor-element-populated\">\n\t\t\t\t\t\t<div class=\"elementor-element elementor-element-1ca6c4f elementor-widget elementor-widget-text-editor\" data-id=\"1ca6c4f\" data-element_type=\"widget\" data-e-type=\"widget\" data-widget_type=\"text-editor.default\">\n\t\t\t\t<div class=\"elementor-widget-container\">\n\t\t\t\t\t\t\t\t\t<p>Vous trouverez ci-dessous une liste de ressources qui aideront votre entreprise \u00e0 pers\u00e9v\u00e9rer pendant et apr\u00e8s la pand\u00e9mie.<\/p><p>Puisque les programmes de financement pr\u00e9cisent leur date de fin particuli\u00e8re et que de nouveaux (ou de nouvelles enveloppes de financement) s\u2019ajoutent de fa\u00e7on p\u00e9riodique, assurez-vous de visiter le site Web indiqu\u00e9 pour les plus r\u00e9centes mises \u00e0 jour.<\/p>\t\t\t\t\t\t\t\t<\/div>\n\t\t\t\t<\/div>\n\t\t\t\t\t<\/div>\n\t\t<\/div>\n\t\t\t\t\t<\/div>\n\t\t<\/section>\n\t\t\t\t<section class=\"elementor-section elementor-top-section elementor-element elementor-element-1aff22e elementor-section-boxed elementor-section-height-default elementor-section-height-default\" data-id=\"1aff22e\" data-element_type=\"section\" data-e-type=\"section\">\n\t\t\t\t\t\t<div class=\"elementor-container elementor-column-gap-default\">\n\t\t\t\t\t<div class=\"elementor-column elementor-col-100 elementor-top-column elementor-element elementor-element-31c36f1\" data-id=\"31c36f1\" data-element_type=\"column\" data-e-type=\"column\">\n\t\t\t<div class=\"elementor-widget-wrap elementor-element-populated\">\n\t\t\t\t\t\t<div class=\"elementor-element elementor-element-203eaa4 elementor-widget elementor-widget-spacer\" data-id=\"203eaa4\" data-element_type=\"widget\" data-e-type=\"widget\" data-widget_type=\"spacer.default\">\n\t\t\t\t<div class=\"elementor-widget-container\">\n\t\t\t\t\t\t\t<div class=\"elementor-spacer\">\n\t\t\t<div class=\"elementor-spacer-inner\"><\/div>\n\t\t<\/div>\n\t\t\t\t\t\t<\/div>\n\t\t\t\t<\/div>\n\t\t\t\t\t<\/div>\n\t\t<\/div>\n\t\t\t\t\t<\/div>\n\t\t<\/section>\n\t\t\t\t<section class=\"elementor-section elementor-top-section elementor-element elementor-element-c4edc37 elementor-section-boxed elementor-section-height-default elementor-section-height-default\" data-id=\"c4edc37\" data-element_type=\"section\" data-e-type=\"section\" data-settings=\"{&quot;background_background&quot;:&quot;classic&quot;}\">\n\t\t\t\t\t\t<div class=\"elementor-container elementor-column-gap-default\">\n\t\t\t\t\t<div class=\"elementor-column elementor-col-100 elementor-top-column elementor-element elementor-element-a0fbacd\" data-id=\"a0fbacd\" data-element_type=\"column\" data-e-type=\"column\">\n\t\t\t<div class=\"elementor-widget-wrap elementor-element-populated\">\n\t\t\t\t\t\t<div class=\"elementor-element elementor-element-f2fe06a collapse-expend elementor-widget elementor-widget-accordion\" data-id=\"f2fe06a\" data-element_type=\"widget\" data-e-type=\"widget\" data-widget_type=\"accordion.default\">\n\t\t\t\t<div class=\"elementor-widget-container\">\n\t\t\t\t\t\t\t<div class=\"elementor-accordion\">\n\t\t\t\t\t\t\t<div class=\"elementor-accordion-item\">\n\t\t\t\t\t<div id=\"elementor-tab-title-2541\" class=\"elementor-tab-title\" data-tab=\"1\" role=\"button\" aria-controls=\"elementor-tab-content-2541\" aria-expanded=\"false\">\n\t\t\t\t\t\t\t\t\t\t\t\t\t<span class=\"elementor-accordion-icon elementor-accordion-icon-right\" aria-hidden=\"true\">\n\t\t\t\t\t\t\t\t\t\t\t\t\t\t\t<span class=\"elementor-accordion-icon-closed\"><i class=\"fas fa-plus\"><\/i><\/span>\n\t\t\t\t\t\t\t\t<span class=\"elementor-accordion-icon-opened\"><i class=\"fas fa-minus\"><\/i><\/span>\n\t\t\t\t\t\t\t\t\t\t\t\t\t\t<\/span>\n\t\t\t\t\t\t\t\t\t\t\t\t<a class=\"elementor-accordion-title\" tabindex=\"0\">Programmes du gouvernement f\u00e9d\u00e9ral<\/a>\n\t\t\t\t\t<\/div>\n\t\t\t\t\t<div id=\"elementor-tab-content-2541\" class=\"elementor-tab-content elementor-clearfix\" data-tab=\"1\" role=\"region\" aria-labelledby=\"elementor-tab-title-2541\"><ul>\n \t<li><a href=\"https:\/\/dec.canada.ca\/fra\/programmes\/ceri\/coronavirus-farr\/index.html\" target=\"_blank\" rel=\"noopener\">Fonds d\u2019aide et de relance r\u00e9gionale \u2013 Qu\u00e9bec<\/a><\/li>\n \t<li><a href=\"https:\/\/dec.canada.ca\/fra\/covid-19.html\" target=\"_blank\" rel=\"noopener\">Appui de DEC aux entreprises et aux collectivit\u00e9s touch\u00e9es par la COVID-19<\/a><\/li>\n \t<li><a href=\"https:\/\/www.canada.ca\/fr\/agence-revenu\/services\/subvention\/subvention-urgence-loyer.html\" target=\"_blank\" rel=\"noopener\">Subvention d\u2019urgence du Canada pour le loyer (SUCL)<\/a><\/li>\n \t<li><a href=\"https:\/\/ceba-cuec.ca\/fr\/\" target=\"_blank\" rel=\"noopener\">Compte d\u2019urgence pour les entreprises canadiennes (CUEC)<\/a><\/li>\n \t<li><a href=\"https:\/\/www.edc.ca\/fr\/solutions\/fonds-roulement\/garantie-pce.html\" target=\"_blank\" rel=\"noopener\">Garantie \u2013 Programme de cr\u00e9dit aux entreprises<\/a><\/li>\n \t<li><a href=\"https:\/\/www.cdev.gc.ca\/fr\/cuge\/\" target=\"_blank\" rel=\"noopener\">Cr\u00e9dit d\u2019urgence pour les grands employeurs (CUGE)<\/a><\/li>\n \t<li><a href=\"https:\/\/www.sac-isc.gc.ca\/fra\/1588079295625\/1588079326171\" target=\"_blank\" rel=\"noopener\">Mesures de soutien aux entreprises autochtones<\/a><\/li>\n \t<li><a href=\"https:\/\/www.sac-isc.gc.ca\/fra\/1596809415775\/1596809469296\" target=\"_blank\" rel=\"noopener\">Fonds d\u2019appui aux entreprises communautaires autochtones<\/a><\/li>\n \t<li><a href=\"https:\/\/www.canada.ca\/fr\/agence-revenu\/services\/prestations\/prestation-maladie-relance-economique\/pcmre-comment-demande.html\" target=\"_blank\" rel=\"noopener\">Prestation canadienne de maladie pour la relance \u00e9conomique (PCMRE)<\/a><\/li>\n \t<li><a href=\"https:\/\/www.canada.ca\/fr\/agence-revenu\/services\/prestations\/prestation-relance-economique-proches-aidants\/pcrepa-comment-demande.html\" target=\"_blank\" rel=\"noopener\">Prestation canadienne de la relance \u00e9conomique pour proches aidants (PCREPA)<\/a><\/li>\n \t<li><a href=\"https:\/\/www.canada.ca\/fr\/agence-revenu\/services\/prestations\/prestation-relance-economique\/pcre-comment-demande.html\" target=\"_blank\" rel=\"noopener\">Prestation canadienne de la relance \u00e9conomique (PCRE)<\/a><\/li>\n \t<li><a href=\"https:\/\/www.canada.ca\/fr\/ministere-finances\/plan-intervention-economique.html\" target=\"_blank\" rel=\"noopener\">Soutien aux secteurs<\/a><\/li>\n<\/ul><\/div>\n\t\t\t\t<\/div>\n\t\t\t\t\t\t\t<div class=\"elementor-accordion-item\">\n\t\t\t\t\t<div id=\"elementor-tab-title-2542\" class=\"elementor-tab-title\" data-tab=\"2\" role=\"button\" aria-controls=\"elementor-tab-content-2542\" aria-expanded=\"false\">\n\t\t\t\t\t\t\t\t\t\t\t\t\t<span class=\"elementor-accordion-icon elementor-accordion-icon-right\" aria-hidden=\"true\">\n\t\t\t\t\t\t\t\t\t\t\t\t\t\t\t<span class=\"elementor-accordion-icon-closed\"><i class=\"fas fa-plus\"><\/i><\/span>\n\t\t\t\t\t\t\t\t<span class=\"elementor-accordion-icon-opened\"><i class=\"fas fa-minus\"><\/i><\/span>\n\t\t\t\t\t\t\t\t\t\t\t\t\t\t<\/span>\n\t\t\t\t\t\t\t\t\t\t\t\t<a class=\"elementor-accordion-title\" tabindex=\"0\">Programmes du gouvernement du Qu\u00e9bec<\/a>\n\t\t\t\t\t<\/div>\n\t\t\t\t\t<div id=\"elementor-tab-content-2542\" class=\"elementor-tab-content elementor-clearfix\" data-tab=\"2\" role=\"region\" aria-labelledby=\"elementor-tab-title-2542\"><ul>\n \t<li><a href=\"https:\/\/www.investquebec.com\/quebec\/fr\/a-propos\/COVID-19.html\" target=\"_blank\" rel=\"noopener\">PACTE Touriste \u2013 Aide aux agences de voyages<\/a><\/li>\n \t<li><a href=\"https:\/\/www.investquebec.com\/quebec\/fr\/produits-financiers\/toutes-nos-solutions\/programme-daction-concertee-temporaire-pour-les-entreprises-pacte.html\" target=\"_blank\" rel=\"noopener\">PACTE et Aide aux Entreprises en R\u00e9gions en Alerte Maximale (AERAM)<\/a><\/li>\n \t<li><a href=\"https:\/\/www.quebec.ca\/entreprises-et-travailleurs-autonomes\/aide-urgence-pme-covid-19\/\" target=\"_blank\" rel=\"noopener\">Aide d\u2019urgence aux petites et moyennes entreprises (COVID-19)<\/a><\/li>\n \t<li><a href=\"https:\/\/www.economie.gouv.qc.ca\/fr\/bibliotheques\/programmes\/aide-financiere\/fonds-local-dinvestissement-fli\/\" target=\"_blank\" rel=\"noopener\">Fonds local d\u2019investissement (FLI)<\/a><\/li>\n<\/ul><\/div>\n\t\t\t\t<\/div>\n\t\t\t\t\t\t\t<div class=\"elementor-accordion-item\">\n\t\t\t\t\t<div id=\"elementor-tab-title-2543\" class=\"elementor-tab-title\" data-tab=\"3\" role=\"button\" aria-controls=\"elementor-tab-content-2543\" aria-expanded=\"false\">\n\t\t\t\t\t\t\t\t\t\t\t\t\t<span class=\"elementor-accordion-icon elementor-accordion-icon-right\" aria-hidden=\"true\">\n\t\t\t\t\t\t\t\t\t\t\t\t\t\t\t<span class=\"elementor-accordion-icon-closed\"><i class=\"fas fa-plus\"><\/i><\/span>\n\t\t\t\t\t\t\t\t<span class=\"elementor-accordion-icon-opened\"><i class=\"fas fa-minus\"><\/i><\/span>\n\t\t\t\t\t\t\t\t\t\t\t\t\t\t<\/span>\n\t\t\t\t\t\t\t\t\t\t\t\t<a class=\"elementor-accordion-title\" tabindex=\"0\">Programmes de la Banque de d\u00e9veloppement du Canada pour les entreprises<\/a>\n\t\t\t\t\t<\/div>\n\t\t\t\t\t<div id=\"elementor-tab-content-2543\" class=\"elementor-tab-content elementor-clearfix\" data-tab=\"3\" role=\"region\" aria-labelledby=\"elementor-tab-title-2543\"><ul>\n \t<li><a href=\"https:\/\/www.bdc.ca\/fr\/financement\/pret-petites-entreprises\" target=\"_blank\" rel=\"noopener\">Pr\u00eat petites entreprises<\/a><\/li>\n \t<li><a href=\"https:\/\/www.bdc.ca\/fr\/soutien-special\/soutien-special-programme-prets-conjoints\">Programme de pr\u00eats conjoints<\/a><\/li>\n<\/ul><\/div>\n\t\t\t\t<\/div>\n\t\t\t\t\t\t\t<div class=\"elementor-accordion-item\">\n\t\t\t\t\t<div id=\"elementor-tab-title-2544\" class=\"elementor-tab-title\" data-tab=\"4\" role=\"button\" aria-controls=\"elementor-tab-content-2544\" aria-expanded=\"false\">\n\t\t\t\t\t\t\t\t\t\t\t\t\t<span class=\"elementor-accordion-icon elementor-accordion-icon-right\" aria-hidden=\"true\">\n\t\t\t\t\t\t\t\t\t\t\t\t\t\t\t<span class=\"elementor-accordion-icon-closed\"><i class=\"fas fa-plus\"><\/i><\/span>\n\t\t\t\t\t\t\t\t<span class=\"elementor-accordion-icon-opened\"><i class=\"fas fa-minus\"><\/i><\/span>\n\t\t\t\t\t\t\t\t\t\t\t\t\t\t<\/span>\n\t\t\t\t\t\t\t\t\t\t\t\t<a class=\"elementor-accordion-title\" tabindex=\"0\">Programmes internationaux du Qu\u00e9bec<\/a>\n\t\t\t\t\t<\/div>\n\t\t\t\t\t<div id=\"elementor-tab-content-2544\" class=\"elementor-tab-content elementor-clearfix\" data-tab=\"4\" role=\"region\" aria-labelledby=\"elementor-tab-title-2544\"><div id=\"1612285045725-256ce961-beb1\" class=\"vc_tta-panel vc_active\" data-vc-content=\".vc_tta-panel-body\">\n<div class=\"vc_tta-panel-body\">\n<div class=\"wpb_text_column wpb_content_element \">\n<div class=\"wpb_wrapper\">\n<div id=\"1586885380699-d65e1b5b-5c99\" class=\"vc_tta-panel vc_active\" data-vc-content=\".vc_tta-panel-body\">\n<div class=\"vc_tta-panel-body\">\n<div class=\"wpb_text_column wpb_content_element \">\n<div class=\"wpb_wrapper\">\n<ul>\n \t<li><a href=\"https:\/\/www.quebecinternational.ca\/fr\/aide-technique\" target=\"_blank\" rel=\"noopener\">De l\u2019aide technique pour votre relance<\/a><\/li>\n<\/ul>\n<\/div>\n<\/div>\n<\/div>\n<\/div>\n<\/div>\n<\/div>\n<\/div>\n<\/div><\/div>\n\t\t\t\t<\/div>\n\t\t\t\t\t\t\t<div class=\"elementor-accordion-item\">\n\t\t\t\t\t<div id=\"elementor-tab-title-2545\" class=\"elementor-tab-title\" data-tab=\"5\" role=\"button\" aria-controls=\"elementor-tab-content-2545\" aria-expanded=\"false\">\n\t\t\t\t\t\t\t\t\t\t\t\t\t<span class=\"elementor-accordion-icon elementor-accordion-icon-right\" aria-hidden=\"true\">\n\t\t\t\t\t\t\t\t\t\t\t\t\t\t\t<span class=\"elementor-accordion-icon-closed\"><i class=\"fas fa-plus\"><\/i><\/span>\n\t\t\t\t\t\t\t\t<span class=\"elementor-accordion-icon-opened\"><i class=\"fas fa-minus\"><\/i><\/span>\n\t\t\t\t\t\t\t\t\t\t\t\t\t\t<\/span>\n\t\t\t\t\t\t\t\t\t\t\t\t<a class=\"elementor-accordion-title\" tabindex=\"0\">Autres programmes de soutien<\/a>\n\t\t\t\t\t<\/div>\n\t\t\t\t\t<div id=\"elementor-tab-content-2545\" class=\"elementor-tab-content elementor-clearfix\" data-tab=\"5\" role=\"region\" aria-labelledby=\"elementor-tab-title-2545\"><div id=\"main\" class=\"site-main\"><div id=\"primary\" class=\"content-area file-page\"><div id=\"content\" class=\"site-content\" role=\"main\"><article id=\"post-32308\" class=\"post-32308 page type-page status-publish hentry\"><div class=\"entry-content\"><div class=\"vc_row wpb_row vc_row-fluid cedec-main-col\"><div class=\"wpb_column vc_column_container vc_col-sm-12\"><div class=\"vc_column-inner\"><div class=\"wpb_wrapper\"><div class=\"vc_tta-container\" data-vc-action=\"collapseAll\"><div class=\"vc_general vc_tta vc_tta-accordion vc_tta-color-grey vc_tta-style-flat vc_tta-shape-square vc_tta-o-shape-group vc_tta-gap-5 vc_tta-controls-align-left vc_tta-o-all-clickable bleu-blanc\"><div class=\"vc_tta-panels-container\"><div class=\"vc_tta-panels\"><div id=\"1586885380857-85be6d33-7231\" class=\"vc_tta-panel vc_active\" data-vc-content=\".vc_tta-panel-body\"><div class=\"vc_tta-panel-body\"><div class=\"wpb_text_column wpb_content_element \"><div class=\"wpb_wrapper\"><ul><li><a href=\"https:\/\/occ.ca\/fonds-daide-aux-petites-entreprises-soutenons-lachat-local\/\" target=\"_blank\" rel=\"noopener\">Fonds d\u2019aide \u00e0 la petite entreprise Soutenons l\u2019achat local<\/a><\/li><\/ul><\/div><\/div><\/div><\/div><\/div><\/div><\/div><\/div><\/div><\/div><\/div><\/div><\/div><footer class=\"entry-meta\"><\/footer><\/article><\/div><\/div><\/div><footer id=\"colophon\" class=\"site-footer\"><div class=\"cedec-container clear\"><div id=\"tertiary\" class=\"sidebar-container\" role=\"complementary\">\u00a0<\/div><\/div><\/footer><\/div>\n\t\t\t\t<\/div>\n\t\t\t\t\t\t\t\t<\/div>\n\t\t\t\t\t\t<\/div>\n\t\t\t\t<\/div>\n\t\t\t\t\t<\/div>\n\t\t<\/div>\n\t\t\t\t\t<\/div>\n\t\t<\/section>\n\t\t\t\t<\/div>\n\t\t","protected":false},"excerpt":{"rendered":"<p>Ressources pour aider votre entreprise \u00e0 faire face \u00e0 la COVID-19 Vous trouverez ci-dessous une liste de ressources qui aideront votre entreprise \u00e0 pers\u00e9v\u00e9rer pendant et apr\u00e8s la pand\u00e9mie. Puisque les programmes de financement pr\u00e9cisent leur date de fin particuli\u00e8re et que de nouveaux (ou de nouvelles enveloppes de financement) s\u2019ajoutent de fa\u00e7on p\u00e9riodique, assurez-vous [&hellip;]<\/p>\n","protected":false},"author":2,"featured_media":0,"parent":0,"menu_order":0,"comment_status":"closed","ping_status":"closed","template":"","meta":{"_acf_changed":false,"footnotes":""},"class_list":["post-666","page","type-page","status-publish","hentry","entry"],"acf":[],"yoast_head":"<!-- This site is optimized with the Yoast SEO plugin v27.4 - https:\/\/yoast.com\/product\/yoast-seo-wordpress\/ -->\n<title>Ressources pour aider votre entreprise \u00e0 faire face \u00e0 la COVID-19 - CEDEC<\/title>\n<meta name=\"robots\" content=\"index, follow, max-snippet:-1, max-image-preview:large, max-video-preview:-1\" \/>\n<link rel=\"canonical\" href=\"https:\/\/cedec.ca\/fr\/ressources-pour-aider-votre-entreprise-a-faire-face-a-la-covid-19\/\" \/>\n<meta property=\"og:locale\" content=\"fr_FR\" \/>\n<meta property=\"og:type\" content=\"article\" \/>\n<meta property=\"og:title\" content=\"Ressources pour aider votre entreprise \u00e0 faire face \u00e0 la COVID-19 - CEDEC\" \/>\n<meta property=\"og:description\" content=\"Ressources pour aider votre entreprise \u00e0 faire face \u00e0 la COVID-19 Vous trouverez ci-dessous une liste de ressources qui aideront votre entreprise \u00e0 pers\u00e9v\u00e9rer pendant et apr\u00e8s la pand\u00e9mie. Puisque les programmes de financement pr\u00e9cisent leur date de fin particuli\u00e8re et que de nouveaux (ou de nouvelles enveloppes de financement) s\u2019ajoutent de fa\u00e7on p\u00e9riodique, assurez-vous [&hellip;]\" \/>\n<meta property=\"og:url\" content=\"https:\/\/cedec.ca\/fr\/ressources-pour-aider-votre-entreprise-a-faire-face-a-la-covid-19\/\" \/>\n<meta property=\"og:site_name\" content=\"CEDEC\" \/>\n<meta property=\"article:modified_time\" content=\"2021-05-10T19:27:58+00:00\" \/>\n<meta name=\"twitter:card\" content=\"summary_large_image\" \/>\n<meta name=\"twitter:label1\" content=\"Dur\u00e9e de lecture estim\u00e9e\" \/>\n\t<meta name=\"twitter:data1\" content=\"2 minutes\" \/>\n<script type=\"application\/ld+json\" class=\"yoast-schema-graph\">{\"@context\":\"https:\\\/\\\/schema.org\",\"@graph\":[{\"@type\":\"WebPage\",\"@id\":\"https:\\\/\\\/cedec.ca\\\/fr\\\/ressources-pour-aider-votre-entreprise-a-faire-face-a-la-covid-19\\\/\",\"url\":\"https:\\\/\\\/cedec.ca\\\/fr\\\/ressources-pour-aider-votre-entreprise-a-faire-face-a-la-covid-19\\\/\",\"name\":\"Ressources pour aider votre entreprise \u00e0 faire face \u00e0 la COVID-19 - CEDEC\",\"isPartOf\":{\"@id\":\"https:\\\/\\\/cedec.ca\\\/fr\\\/#website\"},\"datePublished\":\"2021-03-16T16:23:06+00:00\",\"dateModified\":\"2021-05-10T19:27:58+00:00\",\"breadcrumb\":{\"@id\":\"https:\\\/\\\/cedec.ca\\\/fr\\\/ressources-pour-aider-votre-entreprise-a-faire-face-a-la-covid-19\\\/#breadcrumb\"},\"inLanguage\":\"fr-FR\",\"potentialAction\":[{\"@type\":\"ReadAction\",\"target\":[\"https:\\\/\\\/cedec.ca\\\/fr\\\/ressources-pour-aider-votre-entreprise-a-faire-face-a-la-covid-19\\\/\"]}]},{\"@type\":\"BreadcrumbList\",\"@id\":\"https:\\\/\\\/cedec.ca\\\/fr\\\/ressources-pour-aider-votre-entreprise-a-faire-face-a-la-covid-19\\\/#breadcrumb\",\"itemListElement\":[{\"@type\":\"ListItem\",\"position\":1,\"name\":\"Home\",\"item\":\"https:\\\/\\\/cedec.ca\\\/fr\\\/\"},{\"@type\":\"ListItem\",\"position\":2,\"name\":\"Ressources pour aider votre entreprise \u00e0 faire face \u00e0 la COVID-19\"}]},{\"@type\":\"WebSite\",\"@id\":\"https:\\\/\\\/cedec.ca\\\/fr\\\/#website\",\"url\":\"https:\\\/\\\/cedec.ca\\\/fr\\\/\",\"name\":\"CEDEC\",\"description\":\"\",\"potentialAction\":[{\"@type\":\"SearchAction\",\"target\":{\"@type\":\"EntryPoint\",\"urlTemplate\":\"https:\\\/\\\/cedec.ca\\\/fr\\\/?s={search_term_string}\"},\"query-input\":{\"@type\":\"PropertyValueSpecification\",\"valueRequired\":true,\"valueName\":\"search_term_string\"}}],\"inLanguage\":\"fr-FR\"}]}<\/script>\n<!-- \/ Yoast SEO plugin. -->","yoast_head_json":{"title":"Ressources pour aider votre entreprise \u00e0 faire face \u00e0 la COVID-19 - CEDEC","robots":{"index":"index","follow":"follow","max-snippet":"max-snippet:-1","max-image-preview":"max-image-preview:large","max-video-preview":"max-video-preview:-1"},"canonical":"https:\/\/cedec.ca\/fr\/ressources-pour-aider-votre-entreprise-a-faire-face-a-la-covid-19\/","og_locale":"fr_FR","og_type":"article","og_title":"Ressources pour aider votre entreprise \u00e0 faire face \u00e0 la COVID-19 - CEDEC","og_description":"Ressources pour aider votre entreprise \u00e0 faire face \u00e0 la COVID-19 Vous trouverez ci-dessous une liste de ressources qui aideront votre entreprise \u00e0 pers\u00e9v\u00e9rer pendant et apr\u00e8s la pand\u00e9mie. Puisque les programmes de financement pr\u00e9cisent leur date de fin particuli\u00e8re et que de nouveaux (ou de nouvelles enveloppes de financement) s\u2019ajoutent de fa\u00e7on p\u00e9riodique, assurez-vous [&hellip;]","og_url":"https:\/\/cedec.ca\/fr\/ressources-pour-aider-votre-entreprise-a-faire-face-a-la-covid-19\/","og_site_name":"CEDEC","article_modified_time":"2021-05-10T19:27:58+00:00","twitter_card":"summary_large_image","twitter_misc":{"Dur\u00e9e de lecture estim\u00e9e":"2 minutes"},"schema":{"@context":"https:\/\/schema.org","@graph":[{"@type":"WebPage","@id":"https:\/\/cedec.ca\/fr\/ressources-pour-aider-votre-entreprise-a-faire-face-a-la-covid-19\/","url":"https:\/\/cedec.ca\/fr\/ressources-pour-aider-votre-entreprise-a-faire-face-a-la-covid-19\/","name":"Ressources pour aider votre entreprise \u00e0 faire face \u00e0 la COVID-19 - CEDEC","isPartOf":{"@id":"https:\/\/cedec.ca\/fr\/#website"},"datePublished":"2021-03-16T16:23:06+00:00","dateModified":"2021-05-10T19:27:58+00:00","breadcrumb":{"@id":"https:\/\/cedec.ca\/fr\/ressources-pour-aider-votre-entreprise-a-faire-face-a-la-covid-19\/#breadcrumb"},"inLanguage":"fr-FR","potentialAction":[{"@type":"ReadAction","target":["https:\/\/cedec.ca\/fr\/ressources-pour-aider-votre-entreprise-a-faire-face-a-la-covid-19\/"]}]},{"@type":"BreadcrumbList","@id":"https:\/\/cedec.ca\/fr\/ressources-pour-aider-votre-entreprise-a-faire-face-a-la-covid-19\/#breadcrumb","itemListElement":[{"@type":"ListItem","position":1,"name":"Home","item":"https:\/\/cedec.ca\/fr\/"},{"@type":"ListItem","position":2,"name":"Ressources pour aider votre entreprise \u00e0 faire face \u00e0 la COVID-19"}]},{"@type":"WebSite","@id":"https:\/\/cedec.ca\/fr\/#website","url":"https:\/\/cedec.ca\/fr\/","name":"CEDEC","description":"","potentialAction":[{"@type":"SearchAction","target":{"@type":"EntryPoint","urlTemplate":"https:\/\/cedec.ca\/fr\/?s={search_term_string}"},"query-input":{"@type":"PropertyValueSpecification","valueRequired":true,"valueName":"search_term_string"}}],"inLanguage":"fr-FR"}]}},"_links":{"self":[{"href":"https:\/\/cedec.ca\/fr\/wp-json\/wp\/v2\/pages\/666","targetHints":{"allow":["GET"]}}],"collection":[{"href":"https:\/\/cedec.ca\/fr\/wp-json\/wp\/v2\/pages"}],"about":[{"href":"https:\/\/cedec.ca\/fr\/wp-json\/wp\/v2\/types\/page"}],"author":[{"embeddable":true,"href":"https:\/\/cedec.ca\/fr\/wp-json\/wp\/v2\/users\/2"}],"replies":[{"embeddable":true,"href":"https:\/\/cedec.ca\/fr\/wp-json\/wp\/v2\/comments?post=666"}],"version-history":[{"count":0,"href":"https:\/\/cedec.ca\/fr\/wp-json\/wp\/v2\/pages\/666\/revisions"}],"wp:attachment":[{"href":"https:\/\/cedec.ca\/fr\/wp-json\/wp\/v2\/media?parent=666"}],"curies":[{"name":"wp","href":"https:\/\/api.w.org\/{rel}","templated":true}]}}